{"id":2027,"date":"2021-01-14T13:53:50","date_gmt":"2021-01-14T12:53:50","guid":{"rendered":"https:\/\/www.helversen-stiftung.org\/?page_id=2027"},"modified":"2024-09-19T14:53:26","modified_gmt":"2024-09-19T12:53:26","slug":"der-stiftungsgruender","status":"publish","type":"page","link":"https:\/\/www.helversen-stiftung.org\/pl\/der-stiftungsgruender\/","title":{"rendered":"Der Stiftungsgr\u00fcnder"},"content":{"rendered":"<p>[et_pb_section fb_built=&#8221;1&#8243; fullwidth=&#8221;on&#8221; _builder_version=&#8221;4.16&#8243; max_width=&#8221;100%&#8221; module_alignment=&#8221;center&#8221; custom_padding=&#8221;||30px||false|false&#8221; animation_style=&#8221;fade&#8221; animation_duration=&#8221;250ms&#8221; animation_delay=&#8221;50ms&#8221; global_colors_info=&#8221;{}&#8221;][et_pb_fullwidth_slider show_arrows=&#8221;off&#8221; show_pagination=&#8221;off&#8221; show_content_on_mobile=&#8221;off&#8221; show_image_video_mobile=&#8221;on&#8221; disabled_on=&#8221;off|off|off&#8221; module_class=&#8221;et_fullscreen_slider&#8221; _builder_version=&#8221;4.16&#8243; auto=&#8221;on&#8221; auto_speed=&#8221;6000&#8243; auto_ignore_hover=&#8221;on&#8221; global_colors_info=&#8221;{}&#8221; button_text_size__hover_enabled=&#8221;off&#8221; button_one_text_size__hover_enabled=&#8221;off&#8221; button_two_text_size__hover_enabled=&#8221;off&#8221; button_text_color__hover_enabled=&#8221;off&#8221; button_one_text_color__hover_enabled=&#8221;off&#8221; button_two_text_color__hover_enabled=&#8221;off&#8221; button_border_width__hover_enabled=&#8221;off&#8221; button_one_border_width__hover_enabled=&#8221;off&#8221; button_two_border_width__hover_enabled=&#8221;off&#8221; button_border_color__hover_enabled=&#8221;off&#8221; button_one_border_color__hover_enabled=&#8221;off&#8221; button_two_border_color__hover_enabled=&#8221;off&#8221; button_border_radius__hover_enabled=&#8221;off&#8221; button_one_border_radius__hover_enabled=&#8221;off&#8221; button_two_border_radius__hover_enabled=&#8221;off&#8221; button_letter_spacing__hover_enabled=&#8221;off&#8221; button_one_letter_spacing__hover_enabled=&#8221;off&#8221; button_two_letter_spacing__hover_enabled=&#8221;off&#8221; button_bg_color__hover_enabled=&#8221;off&#8221; button_one_bg_color__hover_enabled=&#8221;off&#8221; button_two_bg_color__hover_enabled=&#8221;off&#8221;][et_pb_slide use_bg_overlay=&#8221;off&#8221; use_text_overlay=&#8221;off&#8221; alignment=&#8221;bottom&#8221; _builder_version=&#8221;4.16&#8243; background_color=&#8221;#ffffff&#8221; background_image=&#8221;https:\/\/www.helversen-stiftung.org\/wp-content\/uploads\/2020\/06\/DNA_008315Daemmerung-dawn-scaled.jpg&#8221; background_enable_image=&#8221;on&#8221; parallax=&#8221;on&#8221; button_on_hover=&#8221;on&#8221; global_colors_info=&#8221;{}&#8221; button_text_size__hover_enabled=&#8221;off&#8221; button_one_text_size__hover_enabled=&#8221;off&#8221; button_two_text_size__hover_enabled=&#8221;off&#8221; button_text_color__hover_enabled=&#8221;off&#8221; button_one_text_color__hover_enabled=&#8221;off&#8221; button_two_text_color__hover_enabled=&#8221;off&#8221; button_border_width__hover_enabled=&#8221;off&#8221; button_one_border_width__hover_enabled=&#8221;off&#8221; button_two_border_width__hover_enabled=&#8221;off&#8221; button_border_color__hover_enabled=&#8221;off&#8221; button_one_border_color__hover_enabled=&#8221;off&#8221; button_two_border_color__hover_enabled=&#8221;off&#8221; button_border_radius__hover_enabled=&#8221;off&#8221; button_one_border_radius__hover_enabled=&#8221;off&#8221; button_two_border_radius__hover_enabled=&#8221;off&#8221; button_letter_spacing__hover_enabled=&#8221;off&#8221; button_one_letter_spacing__hover_enabled=&#8221;off&#8221; button_two_letter_spacing__hover_enabled=&#8221;off&#8221; button_bg_color__hover_enabled=&#8221;off&#8221; button_one_bg_color__hover_enabled=&#8221;off&#8221; button_two_bg_color__hover_enabled=&#8221;off&#8221; sticky_transition=&#8221;on&#8221;][\/et_pb_slide][\/et_pb_fullwidth_slider][\/et_pb_section][et_pb_section fb_built=&#8221;1&#8243; _builder_version=&#8221;4.16&#8243; animation_style=&#8221;fade&#8221; animation_duration=&#8221;150ms&#8221; global_colors_info=&#8221;{}&#8221;][et_pb_row _builder_version=&#8221;4.16&#8243; global_colors_info=&#8221;{}&#8221;][et_pb_column type=&#8221;4_4&#8243; _builder_version=&#8221;4.16&#8243; global_colors_info=&#8221;{}&#8221;][et_pb_text _builder_version=&#8221;4.16&#8243; global_colors_info=&#8221;{}&#8221;]<\/p>\n<h1>Za\u0142o\u017cyciel fundacji, baron prof. dr Otto von Helversen<\/h1>\n<p>(1943-2009)<\/p>\n<p>[\/et_pb_text][\/et_pb_column][\/et_pb_row][et_pb_row column_structure=&#8221;1_2,1_2&#8243; _builder_version=&#8221;4.16&#8243; saved_tabs=&#8221;all&#8221; global_colors_info=&#8221;{}&#8221;][et_pb_column type=&#8221;1_2&#8243; _builder_version=&#8221;4.16&#8243; global_colors_info=&#8221;{}&#8221;][et_pb_text _builder_version=&#8221;4.16&#8243; global_colors_info=&#8221;{}&#8221;]<\/p>\n<p>Nasz za\u0142o\u017cyciel Otto von Helversen urodzi\u0142 si\u0119 9.08.1943 r. w bu\u0142garskiej Sofii jako syn dyplomaty barona Mario von Helversen-Helversheim. Jego rodzina uciek\u0142a w 1946 r. przez Ottobrunn do Wiesbaden, gdzie Otto ju\u017c w m\u0142odym wieku zainteresowa\u0142 si\u0119 przyrod\u0105. Za swoje pierwsze samodzielnie zarobione pieni\u0105dze kupi\u0142 lornetk\u0119. Do\u0142\u0105czy\u0142 do grupy ornitolog\u00f3w, dzi\u0119ki kt\u00f3rym pozna\u0142 swoj\u0105 p\u00f3\u017aniejsz\u0105 \u017con\u0119 Dagmar Uhrig. Po uko\u0144czeniu szko\u0142y \u015bredniej studiowa\u0142 w latach 1962-1968 matematyk\u0119 i biologi\u0119 w Moguncji, Tybindze i Fryburgu.<\/p>\n<p>Po studiach doktoryzowa\u0142 si\u0119 w 1970 r. pod kierunkiem prof. dr Hassensteina we Fryburgu na temat widzenia barw u pszcz\u00f3\u0142 miodnych. W tym samym roku o\u017ceni\u0142 si\u0119 z Dagmar, kt\u00f3ra r\u00f3wnie\u017c uzyska\u0142a doktorat z biologii. Ich dzieci Thomas i Bettina urodzi\u0142y si\u0119 we Fryburgu, a syn Martin w Norymberdze, po tym jak Otto przyj\u0105\u0142 w 1979 r. profesur\u0119 zoologii na Uniwersytecie Friedricha Alexandra w Erlangen. Tam prowadzi\u0142 badania i wyk\u0142ady a\u017c do przej\u015bcia na emerytur\u0119 w 2008 roku.<\/p>\n<p>W badaniach koncentrowa\u0142 si\u0119 na rozmieszczeniu i r\u00f3\u017cnorodno\u015bci gatunkowej nietoperzy w Europie oraz na zachowaniach godowych szara\u0144czak\u00f3w i pasikonikowatych. P\u00f3\u017aniej dosz\u0142a do tego fascynacja tropikalnymi gatunkami nietoperzy. W ramach programu badawczego, dotycz\u0105cego \u017cerowania j\u0119zornik\u00f3w, on i Dagmar cz\u0119sto podr\u00f3\u017cowali do Kostaryki.<\/p>\n<p>Jego szerokie zainteresowania naukowe znalaz\u0142y odzwierciedlenie w licznych publikacjach, pocz\u0105wszy od dzie\u0142 nt. zachowa\u0144 l\u0119gowych czajki szponiastej i opisu zaleszczotk\u00f3w, po prace nad pogo\u0144cowatymi i \u015bwierszczami. Jego dzia\u0142alno\u015b\u0107 wywar\u0142a trwa\u0142y wp\u0142yw na nauk\u0119 w wielu jej dziedzinach. W 2001 r. opisa\u0142 nowy gatunek nietoperza &#8211; nocka Alkatoe (Myotis alcathoe). Wraz z \u017con\u0105 Dagmar, kt\u00f3ra zmar\u0142a w 2004 roku, opisa\u0142 wsp\u00f3\u0142ewolucj\u0119 nietoperzy i zapylanych przez nie ro\u015blin. Jego fotografie i rysunki znalaz\u0142y si\u0119 w podr\u0119cznikach szkolnych i akademickich.<\/p>\n<p>Zainteresowanie Otto biologi\u0105 nie ogranicza\u0142o si\u0119 do obszaru w\u0142asnych badaniach, ale wynika\u0142o z g\u0142\u0119bokiego entuzjazmu, mi\u0142o\u015bci i fascynacji przyrod\u0105 we wszystkich jej aspektach. Odzwierciedla\u0142o si\u0119 to w jego prawie niewyczerpanej wiedzy na temat zwierz\u0105t i ro\u015blin w Europie, jak r\u00f3wnie\u017c w potrzebie ochrony przyrody. On i dr Christian Weisser zakupili za w\u0142asne pieni\u0105dze by\u0142e pastwiska w Kostaryce, kt\u00f3re ponownie zalesili, dbaj\u0105c przy tym o r\u00f3wnowag\u0119 ekologiczn\u0105.<\/p>\n<p>W 2005 r. Otto za\u0142o\u017cy\u0142 Helversen&#8217;sche Stiftung f\u00fcr Arten- und Biotopschutz (Fundacj\u0119 Helversena na rzecz ochrony gatunk\u00f3w i biotop\u00f3w) w celu ochrony ekologicznie cennego krajobrazu staw\u00f3w w Biesenbrow ko\u0142o Angerm\u00fcnde. Z wniesionego przez niego funduszu za\u0142o\u017cycielskiego Fundacja naby\u0142a teren wok\u00f3\u0142 staw\u00f3w Hintenteiche. Proces ten trwa\u0142 wiele lat i napotka\u0142 wiele przeszk\u00f3d. Ten projekt by\u0142 szczeg\u00f3lnie bliski jego sercu. Wraz ze znanym fotografem przyrody Dietmarem Nillem zakupi\u0142 m\u0142yn naprzeciwko domu pisarza Ehma Welka, w bezpo\u015brednim s\u0105siedztwie teren\u00f3w Fundacji. Planowa\u0142 odrestaurowanie m\u0142yna i zamieszkanie w nim po przej\u015bciu na emerytur\u0119, by odda\u0107 si\u0119 pasji obserwowania ptak\u00f3w i by nadal dba\u0107 o pi\u0119kno przyrody dla przysz\u0142ych pokole\u0144.<\/p>\n<p>[\/et_pb_text][\/et_pb_column][et_pb_column type=&#8221;1_2&#8243; _builder_version=&#8221;4.16&#8243; global_colors_info=&#8221;{}&#8221;][et_pb_text admin_label=&#8221;Text&#8221; _builder_version=&#8221;4.16&#8243; _module_preset=&#8221;default&#8221; global_colors_info=&#8221;{}&#8221;]<\/p>\n<p>Na terenie Fundacji mia\u0142y by\u0107 realizowane projekty badawcze nt. r\u00f3\u017cnych zagadnie\u0144 z dziedziny biologii, jak np. projekt dotycz\u0105cy nietoperzy rozpocz\u0119ty przez Rudolfa Leitla w 2008 r. czy te\u017c badanie r\u00f3\u017cnorodno\u015bci gatunkowej. M\u0142odzi naukowcy mieli by\u0107 wspierani w swoich projektach.<\/p>\n<p>Plany zamieszkania w Biesenbrow pokrzy\u017cowa\u0142a przedwczesna \u015bmier\u0107 Otto 2 marca 2009 r., zaledwie kilka miesi\u0119cy po przej\u015bciu na emerytur\u0119. Fundacja kontynuuje jego dzia\u0142ania na rzecz ochrony przyrody, syn Thomas jest jednym z prezes\u00f3w. Dzi\u0119ki pomocy Rady Fundacji (wybranej przez Otto von Helversena), mo\u017cliwa jest kontynuacja projektu Helversen&#8217;sche Stiftung f\u00fcr Arten- und Biotopschutz i wzbogacenie prac o nowe aspekty, w szczeg\u00f3lno\u015bci o ochron\u0119 w\u00f3d.<\/p>\n<p>[\/et_pb_text][et_pb_image src=&#8221;https:\/\/www.helversen-stiftung.org\/wp-content\/uploads\/2021\/01\/20200808_154405-1-scaled.jpg&#8221; title_text=&#8221;20200808_154405-1&#8243; _builder_version=&#8221;4.16&#8243; _module_preset=&#8221;default&#8221; global_colors_info=&#8221;{}&#8221;][\/et_pb_image][et_pb_text admin_label=&#8221;Text&#8221; module_class=&#8221;bildunterschrift&#8221; _builder_version=&#8221;4.16&#8243; _module_preset=&#8221;default&#8221; text_font_size=&#8221;10px&#8221; text_orientation=&#8221;right&#8221; custom_margin=&#8221;-25px||||false|false&#8221; custom_padding=&#8221;||2px|||&#8221; saved_tabs=&#8221;all&#8221; global_colors_info=&#8221;{}&#8221;]<\/p>\n<p>Foto: Privat<\/p>\n<p>[\/et_pb_text][\/et_pb_column][\/et_pb_row][\/et_pb_section]<\/p>\n","protected":false},"excerpt":{"rendered":"<p>Za\u0142o\u017cyciel fundacji, baron prof. dr Otto von Helversen (1943-2009)Nasz za\u0142o\u017cyciel Otto von Helversen urodzi\u0142 si\u0119 9.08.1943 r. w bu\u0142garskiej Sofii jako syn dyplomaty barona Mario von Helversen-Helversheim. Jego rodzina uciek\u0142a w 1946 r. przez Ottobrunn do Wiesbaden, gdzie Otto ju\u017c w m\u0142odym wieku zainteresowa\u0142 si\u0119 przyrod\u0105. Za swoje pierwsze samodzielnie zarobione pieni\u0105dze kupi\u0142 lornetk\u0119. Do\u0142\u0105czy\u0142 [&hellip;]<\/p>\n","protected":false},"author":1,"featured_media":0,"parent":0,"menu_order":0,"comment_status":"closed","ping_status":"closed","template":"","meta":{"_et_pb_use_builder":"on","_et_pb_old_content":"","_et_gb_content_width":"","inline_featured_image":false,"footnotes":""},"class_list":["post-2027","page","type-page","status-publish","hentry"],"yoast_head":"<!-- This site is optimized with the Yoast SEO plugin v27.2 - https:\/\/yoast.com\/product\/yoast-seo-wordpress\/ -->\n<title>Der Stiftungsgr\u00fcnder - Helversen\u00b4sche Stiftung f\u00fcr Arten- und Biotopschutz<\/title>\n<meta name=\"description\" content=\"Die in Erlangen gegr\u00fcndete Helversen\u00b4sche Stiftung f\u00fcr Arten und Biotopschutz hat heute ihren Sitz in Potsdam.\" \/>\n<meta name=\"robots\" content=\"index, follow, max-snippet:-1, max-image-preview:large, max-video-preview:-1\" \/>\n<link rel=\"canonical\" href=\"https:\/\/www.helversen-stiftung.org\/pl\/der-stiftungsgruender\/\" \/>\n<meta property=\"og:locale\" content=\"pl_PL\" \/>\n<meta property=\"og:type\" content=\"article\" \/>\n<meta property=\"og:title\" content=\"Der Stiftungsgr\u00fcnder - Helversen\u00b4sche Stiftung f\u00fcr Arten- und Biotopschutz\" \/>\n<meta property=\"og:description\" content=\"Die in Erlangen gegr\u00fcndete Helversen\u00b4sche Stiftung f\u00fcr Arten und Biotopschutz hat heute ihren Sitz in Potsdam.\" \/>\n<meta property=\"og:url\" content=\"https:\/\/www.helversen-stiftung.org\/pl\/der-stiftungsgruender\/\" \/>\n<meta property=\"og:site_name\" content=\"Helversen\u00b4sche Stiftung f\u00fcr Arten- und Biotopschutz\" \/>\n<meta property=\"article:modified_time\" content=\"2024-09-19T12:53:26+00:00\" \/>\n<meta name=\"twitter:card\" content=\"summary_large_image\" \/>\n<meta name=\"twitter:label1\" content=\"Est. reading time\" \/>\n\t<meta name=\"twitter:data1\" content=\"4 minutes\" \/>\n<script type=\"application\/ld+json\" class=\"yoast-schema-graph\">{\"@context\":\"https:\/\/schema.org\",\"@graph\":[{\"@type\":\"WebPage\",\"@id\":\"https:\/\/www.helversen-stiftung.org\/pl\/der-stiftungsgruender\/\",\"url\":\"https:\/\/www.helversen-stiftung.org\/pl\/der-stiftungsgruender\/\",\"name\":\"Der Stiftungsgr\u00fcnder - Helversen\u00b4sche Stiftung f\u00fcr Arten- und Biotopschutz\",\"isPartOf\":{\"@id\":\"https:\/\/www.helversen-stiftung.org\/pl\/#website\"},\"datePublished\":\"2021-01-14T12:53:50+00:00\",\"dateModified\":\"2024-09-19T12:53:26+00:00\",\"description\":\"Die in Erlangen gegr\u00fcndete Helversen\u00b4sche Stiftung f\u00fcr Arten und Biotopschutz hat heute ihren Sitz in Potsdam.\",\"breadcrumb\":{\"@id\":\"https:\/\/www.helversen-stiftung.org\/pl\/der-stiftungsgruender\/#breadcrumb\"},\"inLanguage\":\"pl-PL\",\"potentialAction\":[{\"@type\":\"ReadAction\",\"target\":[\"https:\/\/www.helversen-stiftung.org\/pl\/der-stiftungsgruender\/\"]}]},{\"@type\":\"BreadcrumbList\",\"@id\":\"https:\/\/www.helversen-stiftung.org\/pl\/der-stiftungsgruender\/#breadcrumb\",\"itemListElement\":[{\"@type\":\"ListItem\",\"position\":1,\"name\":\"Startseite\",\"item\":\"https:\/\/www.helversen-stiftung.org\/pl\/\"},{\"@type\":\"ListItem\",\"position\":2,\"name\":\"Der Stiftungsgr\u00fcnder\"}]},{\"@type\":\"WebSite\",\"@id\":\"https:\/\/www.helversen-stiftung.org\/pl\/#website\",\"url\":\"https:\/\/www.helversen-stiftung.org\/pl\/\",\"name\":\"Helversen\u00b4sche Stiftung f\u00fcr Arten- und Biotopschutz\",\"description\":\"\",\"publisher\":{\"@id\":\"https:\/\/www.helversen-stiftung.org\/pl\/#organization\"},\"potentialAction\":[{\"@type\":\"SearchAction\",\"target\":{\"@type\":\"EntryPoint\",\"urlTemplate\":\"https:\/\/www.helversen-stiftung.org\/pl\/?s={search_term_string}\"},\"query-input\":{\"@type\":\"PropertyValueSpecification\",\"valueRequired\":true,\"valueName\":\"search_term_string\"}}],\"inLanguage\":\"pl-PL\"},{\"@type\":\"Organization\",\"@id\":\"https:\/\/www.helversen-stiftung.org\/pl\/#organization\",\"name\":\"Helversen\u00b4sche Stiftung f\u00fcr Arten- und Biotopschutz\",\"url\":\"https:\/\/www.helversen-stiftung.org\/pl\/\",\"logo\":{\"@type\":\"ImageObject\",\"inLanguage\":\"pl-PL\",\"@id\":\"https:\/\/www.helversen-stiftung.org\/pl\/#\/schema\/logo\/image\/\",\"url\":\"https:\/\/www.helversen-stiftung.org\/wp-content\/uploads\/2020\/05\/helversensche_stiftung_logo_sw.svg\",\"contentUrl\":\"https:\/\/www.helversen-stiftung.org\/wp-content\/uploads\/2020\/05\/helversensche_stiftung_logo_sw.svg\",\"width\":600,\"height\":225,\"caption\":\"Helversen\u00b4sche Stiftung f\u00fcr Arten- und Biotopschutz\"},\"image\":{\"@id\":\"https:\/\/www.helversen-stiftung.org\/pl\/#\/schema\/logo\/image\/\"}}]}<\/script>\n<!-- \/ Yoast SEO plugin. -->","yoast_head_json":{"title":"Der Stiftungsgr\u00fcnder - Helversen\u00b4sche Stiftung f\u00fcr Arten- und Biotopschutz","description":"Die in Erlangen gegr\u00fcndete Helversen\u00b4sche Stiftung f\u00fcr Arten und Biotopschutz hat heute ihren Sitz in Potsdam.","robots":{"index":"index","follow":"follow","max-snippet":"max-snippet:-1","max-image-preview":"max-image-preview:large","max-video-preview":"max-video-preview:-1"},"canonical":"https:\/\/www.helversen-stiftung.org\/pl\/der-stiftungsgruender\/","og_locale":"pl_PL","og_type":"article","og_title":"Der Stiftungsgr\u00fcnder - Helversen\u00b4sche Stiftung f\u00fcr Arten- und Biotopschutz","og_description":"Die in Erlangen gegr\u00fcndete Helversen\u00b4sche Stiftung f\u00fcr Arten und Biotopschutz hat heute ihren Sitz in Potsdam.","og_url":"https:\/\/www.helversen-stiftung.org\/pl\/der-stiftungsgruender\/","og_site_name":"Helversen\u00b4sche Stiftung f\u00fcr Arten- und Biotopschutz","article_modified_time":"2024-09-19T12:53:26+00:00","twitter_card":"summary_large_image","twitter_misc":{"Est. reading time":"4 minutes"},"schema":{"@context":"https:\/\/schema.org","@graph":[{"@type":"WebPage","@id":"https:\/\/www.helversen-stiftung.org\/pl\/der-stiftungsgruender\/","url":"https:\/\/www.helversen-stiftung.org\/pl\/der-stiftungsgruender\/","name":"Der Stiftungsgr\u00fcnder - Helversen\u00b4sche Stiftung f\u00fcr Arten- und Biotopschutz","isPartOf":{"@id":"https:\/\/www.helversen-stiftung.org\/pl\/#website"},"datePublished":"2021-01-14T12:53:50+00:00","dateModified":"2024-09-19T12:53:26+00:00","description":"Die in Erlangen gegr\u00fcndete Helversen\u00b4sche Stiftung f\u00fcr Arten und Biotopschutz hat heute ihren Sitz in Potsdam.","breadcrumb":{"@id":"https:\/\/www.helversen-stiftung.org\/pl\/der-stiftungsgruender\/#breadcrumb"},"inLanguage":"pl-PL","potentialAction":[{"@type":"ReadAction","target":["https:\/\/www.helversen-stiftung.org\/pl\/der-stiftungsgruender\/"]}]},{"@type":"BreadcrumbList","@id":"https:\/\/www.helversen-stiftung.org\/pl\/der-stiftungsgruender\/#breadcrumb","itemListElement":[{"@type":"ListItem","position":1,"name":"Startseite","item":"https:\/\/www.helversen-stiftung.org\/pl\/"},{"@type":"ListItem","position":2,"name":"Der Stiftungsgr\u00fcnder"}]},{"@type":"WebSite","@id":"https:\/\/www.helversen-stiftung.org\/pl\/#website","url":"https:\/\/www.helversen-stiftung.org\/pl\/","name":"Helversen\u00b4sche Stiftung f\u00fcr Arten- und Biotopschutz","description":"","publisher":{"@id":"https:\/\/www.helversen-stiftung.org\/pl\/#organization"},"potentialAction":[{"@type":"SearchAction","target":{"@type":"EntryPoint","urlTemplate":"https:\/\/www.helversen-stiftung.org\/pl\/?s={search_term_string}"},"query-input":{"@type":"PropertyValueSpecification","valueRequired":true,"valueName":"search_term_string"}}],"inLanguage":"pl-PL"},{"@type":"Organization","@id":"https:\/\/www.helversen-stiftung.org\/pl\/#organization","name":"Helversen\u00b4sche Stiftung f\u00fcr Arten- und Biotopschutz","url":"https:\/\/www.helversen-stiftung.org\/pl\/","logo":{"@type":"ImageObject","inLanguage":"pl-PL","@id":"https:\/\/www.helversen-stiftung.org\/pl\/#\/schema\/logo\/image\/","url":"https:\/\/www.helversen-stiftung.org\/wp-content\/uploads\/2020\/05\/helversensche_stiftung_logo_sw.svg","contentUrl":"https:\/\/www.helversen-stiftung.org\/wp-content\/uploads\/2020\/05\/helversensche_stiftung_logo_sw.svg","width":600,"height":225,"caption":"Helversen\u00b4sche Stiftung f\u00fcr Arten- und Biotopschutz"},"image":{"@id":"https:\/\/www.helversen-stiftung.org\/pl\/#\/schema\/logo\/image\/"}}]}},"_links":{"self":[{"href":"https:\/\/www.helversen-stiftung.org\/pl\/wp-json\/wp\/v2\/pages\/2027","targetHints":{"allow":["GET"]}}],"collection":[{"href":"https:\/\/www.helversen-stiftung.org\/pl\/wp-json\/wp\/v2\/pages"}],"about":[{"href":"https:\/\/www.helversen-stiftung.org\/pl\/wp-json\/wp\/v2\/types\/page"}],"author":[{"embeddable":true,"href":"https:\/\/www.helversen-stiftung.org\/pl\/wp-json\/wp\/v2\/users\/1"}],"replies":[{"embeddable":true,"href":"https:\/\/www.helversen-stiftung.org\/pl\/wp-json\/wp\/v2\/comments?post=2027"}],"version-history":[{"count":17,"href":"https:\/\/www.helversen-stiftung.org\/pl\/wp-json\/wp\/v2\/pages\/2027\/revisions"}],"predecessor-version":[{"id":3122,"href":"https:\/\/www.helversen-stiftung.org\/pl\/wp-json\/wp\/v2\/pages\/2027\/revisions\/3122"}],"wp:attachment":[{"href":"https:\/\/www.helversen-stiftung.org\/pl\/wp-json\/wp\/v2\/media?parent=2027"}],"curies":[{"name":"wp","href":"https:\/\/api.w.org\/{rel}","templated":true}]}}