{"id":1366,"date":"2020-06-23T13:54:49","date_gmt":"2020-06-23T11:54:49","guid":{"rendered":"https:\/\/www.helversen-stiftung.org\/impressum\/"},"modified":"2024-09-19T14:48:35","modified_gmt":"2024-09-19T12:48:35","slug":"impressum","status":"publish","type":"page","link":"https:\/\/www.helversen-stiftung.org\/en\/impressum\/","title":{"rendered":"Impressum"},"content":{"rendered":"<p>[et_pb_section fb_built=&#8221;1&#8243; _builder_version=&#8221;4.16&#8243; animation_style=&#8221;fade&#8221; animation_duration=&#8221;150ms&#8221; global_colors_info=&#8221;{}&#8221;][et_pb_row column_structure=&#8221;1_2,1_2&#8243; _builder_version=&#8221;4.16&#8243; background_size=&#8221;initial&#8221; background_position=&#8221;top_left&#8221; background_repeat=&#8221;repeat&#8221; global_colors_info=&#8221;{}&#8221;][et_pb_column type=&#8221;1_2&#8243; _builder_version=&#8221;4.16&#8243; custom_padding=&#8221;|||&#8221; global_colors_info=&#8221;{}&#8221; custom_padding__hover=&#8221;|||&#8221;][et_pb_text _builder_version=&#8221;4.16&#8243; global_colors_info=&#8221;{}&#8221;]<strong>Angaben gem\u00e4\u00df \u00a7 5 TMG<\/strong><\/p>\n<p>Helversen\u00b4sche Stiftung f\u00fcr Arten- und Biotopschutz<br \/>\nStiftung des B\u00fcrgerlichen Rechts<\/p>\n<p>Krumme Stra\u00dfe 6<br \/>\n14469 Potsdam<\/p>\n<p>Stiftungsregister: Stiftungsverzeichnis des Bayerischen Landesamts f\u00fcr Statistik<\/p>\n<p>Stiftungsaufsichtsbeh\u00f6rde: Regierung von Mittelfranken<\/p>\n<p><strong>Vertreten durch<\/strong><\/p>\n<p>Ulrich St\u00f6cker, Gesch\u00e4ftsf\u00fchrender Vorstand<br \/>\nThomas Volpers, Vorstand<br \/>\nThomas von Helversen, Vorstand<\/p>\n<p><strong>Kontakt<\/strong><\/p>\n<p>Telefon:   &nbsp;+49 (0)33334.859278<br \/>\nE-Mail:     &nbsp;&nbsp;&nbsp;<a href=\"&#x69;&#110;f&#x6f;&#64;&#104;&#x65;&#x6c;&#118;e&#x72;&#115;e&#x6e;&#x2d;&#115;t&#x69;&#102;t&#x75;&#x6e;&#103;&#46;&#x6f;&#114;g\" target=\"_blank\" rel=\"noopener noreferrer\">&#x69;&#x6e;&#102;&#111;&#64;h&#x65;&#x6c;&#x76;&#101;rs&#x65;&#x6e;&#x2d;&#115;&#116;i&#x66;&#x74;&#x75;&#110;&#103;&#46;&#x6f;&#x72;&#x67;<\/a><\/p>\n<p><strong>Verantwortlich f\u00fcr den Inhalt nach \u00a7 55 Abs. 2 RStV<\/strong><\/p>\n<p>Ulrich St\u00f6cker<br \/>\nKrumme Stra\u00dfe 6<br \/>\n14469 Potsdam<\/p>\n<p><strong>Mitglieder des Stiftungsrates<\/strong><\/p>\n<p>Erhard K\u00f6nig<br \/>\nRudolf Leitl<br \/>\nDietmar Nill<br \/>\nStefan Schwill<br \/>\nChristian Weisser[\/et_pb_text][\/et_pb_column][et_pb_column type=&#8221;1_2&#8243; _builder_version=&#8221;4.16&#8243; custom_padding=&#8221;|||&#8221; global_colors_info=&#8221;{}&#8221; custom_padding__hover=&#8221;|||&#8221;][et_pb_text _builder_version=&#8221;4.16&#8243; global_colors_info=&#8221;{}&#8221;]<\/p>\n<p><strong>Haftung f\u00fcr Inhalte<\/strong><\/p>\n<p>Als Diensteanbieter sind wir gem\u00e4\u00df \u00a7 7 Abs.1 TMG f\u00fcr eigene Inhalte auf diesen Seiten nach den allgemeinen Gesetzen verantwortlich. Nach \u00a7\u00a7 8 bis 10 TMG sind wir als Diensteanbieter jedoch nicht verpflichtet, \u00fcbermittelte oder gespeicherte fremde Informationen zu \u00fcberwachen oder nach Umst\u00e4nden zu forschen, die auf eine rechtswidrige T\u00e4tigkeit hinweisen.<\/p>\n<p>Verpflichtungen zur Entfernung oder Sperrung der Nutzung von Informationen nach den allgemeinen Gesetzen bleiben hiervon unber\u00fchrt. Eine diesbez\u00fcgliche Haftung ist jedoch erst ab dem Zeitpunkt der Kenntnis einer konkreten Rechtsverletzung m\u00f6glich. Bei Bekanntwerden von entsprechenden Rechtsverletzungen werden wir diese Inhalte umgehend entfernen.<\/p>\n<p><strong>Haftung f\u00fcr Links<\/strong><\/p>\n<p>Unser Angebot enth\u00e4lt Links zu externen Websites Dritter, auf deren Inhalte wir keinen Einfluss haben. Deshalb k\u00f6nnen wir f\u00fcr diese fremden Inhalte auch keine Gew\u00e4hr \u00fcbernehmen. F\u00fcr die Inhalte der verlinkten Seiten ist stets der jeweilige Anbieter oder Betreiber der Seiten verantwortlich. Die verlinkten Seiten wurden zum Zeitpunkt der Verlinkung auf m\u00f6gliche Rechtsverst\u00f6\u00dfe \u00fcberpr\u00fcft. Rechtswidrige Inhalte waren zum Zeitpunkt der Verlinkung nicht erkennbar.<\/p>\n<p>Eine permanente inhaltliche Kontrolle der verlinkten Seiten ist jedoch ohne konkrete Anhaltspunkte einer Rechtsverletzung nicht zumutbar. Bei Bekanntwerden von Rechtsverletzungen werden wir derartige Links umgehend entfernen.<\/p>\n<p><strong>Urheberrecht<\/strong><\/p>\n<p>Die durch die Seitenbetreiber erstellten Inhalte und Werke auf diesen Seiten unterliegen dem deutschen Urheberrecht. Die Vervielf\u00e4ltigung, Bearbeitung, Verbreitung und jede Art der Verwertung au\u00dferhalb der Grenzen des Urheberrechtes bed\u00fcrfen der schriftlichen Zustimmung des jeweiligen Autors bzw. Erstellers. Downloads und Kopien dieser Seite sind nur f\u00fcr den privaten, nicht kommerziellen Gebrauch gestattet.<\/p>\n<p>Soweit die Inhalte auf dieser Seite nicht vom Betreiber erstellt wurden, werden die Urheberrechte Dritter beachtet. Insbesondere werden Inhalte Dritter als solche gekennzeichnet. Sollten Sie trotzdem auf eine Urheberrechtsverletzung aufmerksam werden, bitten wir um einen entsprechenden Hinweis. Bei Bekanntwerden von Rechtsverletzungen werden wir derartige Inhalte umgehend entfernen.<\/p>\n<p>[\/et_pb_text][\/et_pb_column][\/et_pb_row][\/et_pb_section]<\/p>\n","protected":false},"excerpt":{"rendered":"<p>Angaben gem\u00e4\u00df \u00a7 5 TMG Helversen\u00b4sche Stiftung f\u00fcr Arten- und Biotopschutz Stiftung des B\u00fcrgerlichen Rechts Krumme Stra\u00dfe 6 14469 Potsdam Stiftungsregister: Stiftungsverzeichnis des Bayerischen Landesamts f\u00fcr Statistik Stiftungsaufsichtsbeh\u00f6rde: Regierung von Mittelfranken Vertreten durch Ulrich St\u00f6cker, Gesch\u00e4ftsf\u00fchrender Vorstand Thomas Volpers, Vorstand Thomas von Helversen, Vorstand Kontakt Telefon: &nbsp;+49 (0)33334.859278 E-Mail: &nbsp;&nbsp;&nbsp;&#x69;&#x6e;&#102;&#111;&#64;h&#x65;&#x6c;&#x76;&#101;&#114;se&#x6e;&#x2d;&#x73;&#116;&#105;f&#x74;&#x75;&#x6e;&#103;&#46;&#111;r&#x67; Verantwortlich f\u00fcr den Inhalt nach [&hellip;]<\/p>\n","protected":false},"author":1,"featured_media":0,"parent":0,"menu_order":0,"comment_status":"closed","ping_status":"closed","template":"","meta":{"_et_pb_use_builder":"on","_et_pb_old_content":"","_et_gb_content_width":"","inline_featured_image":false,"footnotes":""},"class_list":["post-1366","page","type-page","status-publish","hentry"],"yoast_head":"<!-- This site is optimized with the Yoast SEO plugin v27.2 - https:\/\/yoast.com\/product\/yoast-seo-wordpress\/ -->\n<title>Impressum - Helversen\u00b4sche Stiftung f\u00fcr Arten- und Biotopschutz<\/title>\n<meta name=\"robots\" content=\"noindex, nofollow\" \/>\n<meta property=\"og:locale\" content=\"en_US\" \/>\n<meta property=\"og:type\" content=\"article\" \/>\n<meta property=\"og:title\" content=\"Impressum - Helversen\u00b4sche Stiftung f\u00fcr Arten- und Biotopschutz\" \/>\n<meta property=\"og:description\" content=\"Angaben gem\u00e4\u00df \u00a7 5 TMG Helversen\u00b4sche Stiftung f\u00fcr Arten- und Biotopschutz Stiftung des B\u00fcrgerlichen Rechts Krumme Stra\u00dfe 6 14469 Potsdam Stiftungsregister: Stiftungsverzeichnis des Bayerischen Landesamts f\u00fcr Statistik Stiftungsaufsichtsbeh\u00f6rde: Regierung von Mittelfranken Vertreten durch Ulrich St\u00f6cker, Gesch\u00e4ftsf\u00fchrender Vorstand Thomas Volpers, Vorstand Thomas von Helversen, Vorstand Kontakt Telefon: &nbsp;+49 (0)33334.859278 E-Mail: &nbsp;&nbsp;&nbsp;info@helversen-stiftung.org Verantwortlich f\u00fcr den Inhalt nach [&hellip;]\" \/>\n<meta property=\"og:url\" content=\"https:\/\/www.helversen-stiftung.org\/en\/impressum\/\" \/>\n<meta property=\"og:site_name\" content=\"Helversen\u00b4sche Stiftung f\u00fcr Arten- und Biotopschutz\" \/>\n<meta property=\"article:modified_time\" content=\"2024-09-19T12:48:35+00:00\" \/>\n<meta name=\"twitter:card\" content=\"summary_large_image\" \/>\n<meta name=\"twitter:label1\" content=\"Est. reading time\" \/>\n\t<meta name=\"twitter:data1\" content=\"3 minutes\" \/>\n<script type=\"application\/ld+json\" class=\"yoast-schema-graph\">{\"@context\":\"https:\/\/schema.org\",\"@graph\":[{\"@type\":\"WebPage\",\"@id\":\"https:\/\/www.helversen-stiftung.org\/en\/impressum\/\",\"url\":\"https:\/\/www.helversen-stiftung.org\/en\/impressum\/\",\"name\":\"Impressum - Helversen\u00b4sche Stiftung f\u00fcr Arten- und Biotopschutz\",\"isPartOf\":{\"@id\":\"https:\/\/www.helversen-stiftung.org\/en\/#website\"},\"datePublished\":\"2020-06-23T11:54:49+00:00\",\"dateModified\":\"2024-09-19T12:48:35+00:00\",\"breadcrumb\":{\"@id\":\"https:\/\/www.helversen-stiftung.org\/en\/impressum\/#breadcrumb\"},\"inLanguage\":\"en-US\",\"potentialAction\":[{\"@type\":\"ReadAction\",\"target\":[\"https:\/\/www.helversen-stiftung.org\/en\/impressum\/\"]}]},{\"@type\":\"BreadcrumbList\",\"@id\":\"https:\/\/www.helversen-stiftung.org\/en\/impressum\/#breadcrumb\",\"itemListElement\":[{\"@type\":\"ListItem\",\"position\":1,\"name\":\"Startseite\",\"item\":\"https:\/\/www.helversen-stiftung.org\/en\/\"},{\"@type\":\"ListItem\",\"position\":2,\"name\":\"Impressum\"}]},{\"@type\":\"WebSite\",\"@id\":\"https:\/\/www.helversen-stiftung.org\/en\/#website\",\"url\":\"https:\/\/www.helversen-stiftung.org\/en\/\",\"name\":\"Helversen\u00b4sche Stiftung f\u00fcr Arten- und Biotopschutz\",\"description\":\"\",\"publisher\":{\"@id\":\"https:\/\/www.helversen-stiftung.org\/en\/#organization\"},\"potentialAction\":[{\"@type\":\"SearchAction\",\"target\":{\"@type\":\"EntryPoint\",\"urlTemplate\":\"https:\/\/www.helversen-stiftung.org\/en\/?s={search_term_string}\"},\"query-input\":{\"@type\":\"PropertyValueSpecification\",\"valueRequired\":true,\"valueName\":\"search_term_string\"}}],\"inLanguage\":\"en-US\"},{\"@type\":\"Organization\",\"@id\":\"https:\/\/www.helversen-stiftung.org\/en\/#organization\",\"name\":\"Helversen\u00b4sche Stiftung f\u00fcr Arten- und Biotopschutz\",\"url\":\"https:\/\/www.helversen-stiftung.org\/en\/\",\"logo\":{\"@type\":\"ImageObject\",\"inLanguage\":\"en-US\",\"@id\":\"https:\/\/www.helversen-stiftung.org\/en\/#\/schema\/logo\/image\/\",\"url\":\"https:\/\/www.helversen-stiftung.org\/wp-content\/uploads\/2020\/05\/helversensche_stiftung_logo_sw.svg\",\"contentUrl\":\"https:\/\/www.helversen-stiftung.org\/wp-content\/uploads\/2020\/05\/helversensche_stiftung_logo_sw.svg\",\"width\":600,\"height\":225,\"caption\":\"Helversen\u00b4sche Stiftung f\u00fcr Arten- und Biotopschutz\"},\"image\":{\"@id\":\"https:\/\/www.helversen-stiftung.org\/en\/#\/schema\/logo\/image\/\"}}]}<\/script>\n<!-- \/ Yoast SEO plugin. -->","yoast_head_json":{"title":"Impressum - Helversen\u00b4sche Stiftung f\u00fcr Arten- und Biotopschutz","robots":{"index":"noindex","follow":"nofollow"},"og_locale":"en_US","og_type":"article","og_title":"Impressum - Helversen\u00b4sche Stiftung f\u00fcr Arten- und Biotopschutz","og_description":"Angaben gem\u00e4\u00df \u00a7 5 TMG Helversen\u00b4sche Stiftung f\u00fcr Arten- und Biotopschutz Stiftung des B\u00fcrgerlichen Rechts Krumme Stra\u00dfe 6 14469 Potsdam Stiftungsregister: Stiftungsverzeichnis des Bayerischen Landesamts f\u00fcr Statistik Stiftungsaufsichtsbeh\u00f6rde: Regierung von Mittelfranken Vertreten durch Ulrich St\u00f6cker, Gesch\u00e4ftsf\u00fchrender Vorstand Thomas Volpers, Vorstand Thomas von Helversen, Vorstand Kontakt Telefon: &nbsp;+49 (0)33334.859278 E-Mail: &nbsp;&nbsp;&nbsp;info@helversen-stiftung.org Verantwortlich f\u00fcr den Inhalt nach [&hellip;]","og_url":"https:\/\/www.helversen-stiftung.org\/en\/impressum\/","og_site_name":"Helversen\u00b4sche Stiftung f\u00fcr Arten- und Biotopschutz","article_modified_time":"2024-09-19T12:48:35+00:00","twitter_card":"summary_large_image","twitter_misc":{"Est. reading time":"3 minutes"},"schema":{"@context":"https:\/\/schema.org","@graph":[{"@type":"WebPage","@id":"https:\/\/www.helversen-stiftung.org\/en\/impressum\/","url":"https:\/\/www.helversen-stiftung.org\/en\/impressum\/","name":"Impressum - Helversen\u00b4sche Stiftung f\u00fcr Arten- und Biotopschutz","isPartOf":{"@id":"https:\/\/www.helversen-stiftung.org\/en\/#website"},"datePublished":"2020-06-23T11:54:49+00:00","dateModified":"2024-09-19T12:48:35+00:00","breadcrumb":{"@id":"https:\/\/www.helversen-stiftung.org\/en\/impressum\/#breadcrumb"},"inLanguage":"en-US","potentialAction":[{"@type":"ReadAction","target":["https:\/\/www.helversen-stiftung.org\/en\/impressum\/"]}]},{"@type":"BreadcrumbList","@id":"https:\/\/www.helversen-stiftung.org\/en\/impressum\/#breadcrumb","itemListElement":[{"@type":"ListItem","position":1,"name":"Startseite","item":"https:\/\/www.helversen-stiftung.org\/en\/"},{"@type":"ListItem","position":2,"name":"Impressum"}]},{"@type":"WebSite","@id":"https:\/\/www.helversen-stiftung.org\/en\/#website","url":"https:\/\/www.helversen-stiftung.org\/en\/","name":"Helversen\u00b4sche Stiftung f\u00fcr Arten- und Biotopschutz","description":"","publisher":{"@id":"https:\/\/www.helversen-stiftung.org\/en\/#organization"},"potentialAction":[{"@type":"SearchAction","target":{"@type":"EntryPoint","urlTemplate":"https:\/\/www.helversen-stiftung.org\/en\/?s={search_term_string}"},"query-input":{"@type":"PropertyValueSpecification","valueRequired":true,"valueName":"search_term_string"}}],"inLanguage":"en-US"},{"@type":"Organization","@id":"https:\/\/www.helversen-stiftung.org\/en\/#organization","name":"Helversen\u00b4sche Stiftung f\u00fcr Arten- und Biotopschutz","url":"https:\/\/www.helversen-stiftung.org\/en\/","logo":{"@type":"ImageObject","inLanguage":"en-US","@id":"https:\/\/www.helversen-stiftung.org\/en\/#\/schema\/logo\/image\/","url":"https:\/\/www.helversen-stiftung.org\/wp-content\/uploads\/2020\/05\/helversensche_stiftung_logo_sw.svg","contentUrl":"https:\/\/www.helversen-stiftung.org\/wp-content\/uploads\/2020\/05\/helversensche_stiftung_logo_sw.svg","width":600,"height":225,"caption":"Helversen\u00b4sche Stiftung f\u00fcr Arten- und Biotopschutz"},"image":{"@id":"https:\/\/www.helversen-stiftung.org\/en\/#\/schema\/logo\/image\/"}}]}},"_links":{"self":[{"href":"https:\/\/www.helversen-stiftung.org\/en\/wp-json\/wp\/v2\/pages\/1366","targetHints":{"allow":["GET"]}}],"collection":[{"href":"https:\/\/www.helversen-stiftung.org\/en\/wp-json\/wp\/v2\/pages"}],"about":[{"href":"https:\/\/www.helversen-stiftung.org\/en\/wp-json\/wp\/v2\/types\/page"}],"author":[{"embeddable":true,"href":"https:\/\/www.helversen-stiftung.org\/en\/wp-json\/wp\/v2\/users\/1"}],"replies":[{"embeddable":true,"href":"https:\/\/www.helversen-stiftung.org\/en\/wp-json\/wp\/v2\/comments?post=1366"}],"version-history":[{"count":2,"href":"https:\/\/www.helversen-stiftung.org\/en\/wp-json\/wp\/v2\/pages\/1366\/revisions"}],"predecessor-version":[{"id":3105,"href":"https:\/\/www.helversen-stiftung.org\/en\/wp-json\/wp\/v2\/pages\/1366\/revisions\/3105"}],"wp:attachment":[{"href":"https:\/\/www.helversen-stiftung.org\/en\/wp-json\/wp\/v2\/media?parent=1366"}],"curies":[{"name":"wp","href":"https:\/\/api.w.org\/{rel}","templated":true}]}}